{"id":40,"date":"2018-06-06T17:42:37","date_gmt":"2018-06-06T15:42:37","guid":{"rendered":"https:\/\/www.lagirelle.ch\/lagir\/?page_id=40"},"modified":"2021-05-25T06:51:59","modified_gmt":"2021-05-25T04:51:59","slug":"coursenfants","status":"publish","type":"page","link":"https:\/\/www.lagirelle.ch\/lagir\/activites\/coursenfants\/","title":{"rendered":"cours enfants"},"content":{"rendered":"<p>La Girelle participe au programme des ateliers d\u2019accueil pour les enfants apr\u00e8s l\u2019horaire scolaire organis\u00e9s par la commune en partenariat avec le Groupement Intercommunal pour l\u2019Animation Parascolaire (GIAP)<\/p>\n<p>L\u2019atelier de poterie se d\u00e9roule en g\u00e9n\u00e9ral le jeudi de 16h30 \u00e0 17h30 d\u00e8s la rentr\u00e9e scolaire de janvier jusqu\u2019aux vacances de f\u00e9vrier soit 5 ou 6 cours. Nous accueillons 9 \u00e0 12 enfants entre 8 et 12 ans auxquels nous proposons de fabriquer 4 ou 5 pi\u00e8ces en diff\u00e9rentes techniques tel que l\u2019estampage, le modelage, le travail avec les plaques ou les colombins en diff\u00e9rentes terres.<\/p>\n<p>Cours 2021<\/p>\n<p><img decoding=\"async\" loading=\"lazy\" class=\"alignnone size-large wp-image-263\" src=\"https:\/\/www.lagirelle.ch\/lagir\/wp-content\/uploads\/2021\/05\/20210422_160121_1619116851755-576x1024.jpg\" alt=\"\" width=\"576\" height=\"1024\" srcset=\"https:\/\/www.lagirelle.ch\/lagir\/wp-content\/uploads\/2021\/05\/20210422_160121_1619116851755-576x1024.jpg 576w, https:\/\/www.lagirelle.ch\/lagir\/wp-content\/uploads\/2021\/05\/20210422_160121_1619116851755-169x300.jpg 169w, https:\/\/www.lagirelle.ch\/lagir\/wp-content\/uploads\/2021\/05\/20210422_160121_1619116851755-768x1365.jpg 768w, https:\/\/www.lagirelle.ch\/lagir\/wp-content\/uploads\/2021\/05\/20210422_160121_1619116851755-864x1536.jpg 864w, https:\/\/www.lagirelle.ch\/lagir\/wp-content\/uploads\/2021\/05\/20210422_160121_1619116851755-1152x2048.jpg 1152w, https:\/\/www.lagirelle.ch\/lagir\/wp-content\/uploads\/2021\/05\/20210422_160121_1619116851755-scaled.jpg 1440w\" sizes=\"(max-width: 576px) 100vw, 576px\" \/><br \/>\n<img decoding=\"async\" loading=\"lazy\" class=\"alignnone size-large wp-image-260\" src=\"https:\/\/www.lagirelle.ch\/lagir\/wp-content\/uploads\/2021\/05\/20210422_155754_1619116725565-576x1024.jpg\" alt=\"\" width=\"576\" height=\"1024\" srcset=\"https:\/\/www.lagirelle.ch\/lagir\/wp-content\/uploads\/2021\/05\/20210422_155754_1619116725565-576x1024.jpg 576w, https:\/\/www.lagirelle.ch\/lagir\/wp-content\/uploads\/2021\/05\/20210422_155754_1619116725565-169x300.jpg 169w, https:\/\/www.lagirelle.ch\/lagir\/wp-content\/uploads\/2021\/05\/20210422_155754_1619116725565-768x1365.jpg 768w, https:\/\/www.lagirelle.ch\/lagir\/wp-content\/uploads\/2021\/05\/20210422_155754_1619116725565-864x1536.jpg 864w, https:\/\/www.lagirelle.ch\/lagir\/wp-content\/uploads\/2021\/05\/20210422_155754_1619116725565-1152x2048.jpg 1152w, https:\/\/www.lagirelle.ch\/lagir\/wp-content\/uploads\/2021\/05\/20210422_155754_1619116725565-scaled.jpg 1440w\" sizes=\"(max-width: 576px) 100vw, 576px\" \/> <img decoding=\"async\" loading=\"lazy\" class=\"alignnone size-large wp-image-261\" src=\"https:\/\/www.lagirelle.ch\/lagir\/wp-content\/uploads\/2021\/05\/20210422_155920_1619116725338-576x1024.jpg\" alt=\"\" width=\"576\" height=\"1024\" srcset=\"https:\/\/www.lagirelle.ch\/lagir\/wp-content\/uploads\/2021\/05\/20210422_155920_1619116725338-576x1024.jpg 576w, https:\/\/www.lagirelle.ch\/lagir\/wp-content\/uploads\/2021\/05\/20210422_155920_1619116725338-169x300.jpg 169w, https:\/\/www.lagirelle.ch\/lagir\/wp-content\/uploads\/2021\/05\/20210422_155920_1619116725338-768x1365.jpg 768w, https:\/\/www.lagirelle.ch\/lagir\/wp-content\/uploads\/2021\/05\/20210422_155920_1619116725338-864x1536.jpg 864w, https:\/\/www.lagirelle.ch\/lagir\/wp-content\/uploads\/2021\/05\/20210422_155920_1619116725338-1152x2048.jpg 1152w, https:\/\/www.lagirelle.ch\/lagir\/wp-content\/uploads\/2021\/05\/20210422_155920_1619116725338-scaled.jpg 1440w\" sizes=\"(max-width: 576px) 100vw, 576px\" \/> <img decoding=\"async\" loading=\"lazy\" class=\"alignnone size-large wp-image-262\" src=\"https:\/\/www.lagirelle.ch\/lagir\/wp-content\/uploads\/2021\/05\/20210422_160030_1619116851904-576x1024.jpg\" alt=\"\" width=\"576\" height=\"1024\" srcset=\"https:\/\/www.lagirelle.ch\/lagir\/wp-content\/uploads\/2021\/05\/20210422_160030_1619116851904-576x1024.jpg 576w, https:\/\/www.lagirelle.ch\/lagir\/wp-content\/uploads\/2021\/05\/20210422_160030_1619116851904-169x300.jpg 169w, https:\/\/www.lagirelle.ch\/lagir\/wp-content\/uploads\/2021\/05\/20210422_160030_1619116851904-768x1365.jpg 768w, https:\/\/www.lagirelle.ch\/lagir\/wp-content\/uploads\/2021\/05\/20210422_160030_1619116851904-864x1536.jpg 864w, https:\/\/www.lagirelle.ch\/lagir\/wp-content\/uploads\/2021\/05\/20210422_160030_1619116851904-1152x2048.jpg 1152w, https:\/\/www.lagirelle.ch\/lagir\/wp-content\/uploads\/2021\/05\/20210422_160030_1619116851904-scaled.jpg 1440w\" sizes=\"(max-width: 576px) 100vw, 576px\" \/><\/p>\n<p>Cours 2020<\/p>\n<p><img decoding=\"async\" loading=\"lazy\" class=\"alignnone size-large wp-image-246\" src=\"https:\/\/www.lagirelle.ch\/lagir\/wp-content\/uploads\/2020\/06\/20200523_102812-576x1024.jpg\" alt=\"\" width=\"576\" height=\"1024\" srcset=\"https:\/\/www.lagirelle.ch\/lagir\/wp-content\/uploads\/2020\/06\/20200523_102812-576x1024.jpg 576w, https:\/\/www.lagirelle.ch\/lagir\/wp-content\/uploads\/2020\/06\/20200523_102812-169x300.jpg 169w, https:\/\/www.lagirelle.ch\/lagir\/wp-content\/uploads\/2020\/06\/20200523_102812.jpg 600w\" sizes=\"(max-width: 576px) 100vw, 576px\" \/> <img decoding=\"async\" loading=\"lazy\" class=\"alignnone size-large wp-image-247\" src=\"https:\/\/www.lagirelle.ch\/lagir\/wp-content\/uploads\/2020\/06\/20200523_103826-576x1024.jpg\" alt=\"\" width=\"576\" height=\"1024\" srcset=\"https:\/\/www.lagirelle.ch\/lagir\/wp-content\/uploads\/2020\/06\/20200523_103826-576x1024.jpg 576w, https:\/\/www.lagirelle.ch\/lagir\/wp-content\/uploads\/2020\/06\/20200523_103826-169x300.jpg 169w, https:\/\/www.lagirelle.ch\/lagir\/wp-content\/uploads\/2020\/06\/20200523_103826.jpg 600w\" sizes=\"(max-width: 576px) 100vw, 576px\" \/><img decoding=\"async\" loading=\"lazy\" class=\"alignnone size-large wp-image-245\" src=\"https:\/\/www.lagirelle.ch\/lagir\/wp-content\/uploads\/2020\/06\/20200523_101314-1024x576.jpg\" alt=\"\" width=\"1024\" height=\"576\" srcset=\"https:\/\/www.lagirelle.ch\/lagir\/wp-content\/uploads\/2020\/06\/20200523_101314-1024x576.jpg 1024w, https:\/\/www.lagirelle.ch\/lagir\/wp-content\/uploads\/2020\/06\/20200523_101314-300x169.jpg 300w, https:\/\/www.lagirelle.ch\/lagir\/wp-content\/uploads\/2020\/06\/20200523_101314-768x432.jpg 768w, https:\/\/www.lagirelle.ch\/lagir\/wp-content\/uploads\/2020\/06\/20200523_101314.jpg 1067w\" sizes=\"(max-width: 1024px) 100vw, 1024px\" \/><\/p>\n<p>Cours 2019<\/p>\n<p><img decoding=\"async\" loading=\"lazy\" class=\"alignnone size-large wp-image-193\" src=\"https:\/\/www.lagirelle.ch\/lagir\/wp-content\/uploads\/2019\/03\/IMG-20190222-WA0002-576x1024.jpg\" alt=\"\" width=\"576\" height=\"1024\" srcset=\"https:\/\/www.lagirelle.ch\/lagir\/wp-content\/uploads\/2019\/03\/IMG-20190222-WA0002-576x1024.jpg 576w, https:\/\/www.lagirelle.ch\/lagir\/wp-content\/uploads\/2019\/03\/IMG-20190222-WA0002-169x300.jpg 169w, https:\/\/www.lagirelle.ch\/lagir\/wp-content\/uploads\/2019\/03\/IMG-20190222-WA0002-768x1365.jpg 768w, https:\/\/www.lagirelle.ch\/lagir\/wp-content\/uploads\/2019\/03\/IMG-20190222-WA0002.jpg 900w\" sizes=\"(max-width: 576px) 100vw, 576px\" \/><\/p>\n<p><img decoding=\"async\" loading=\"lazy\" class=\"alignnone size-large wp-image-196\" src=\"https:\/\/www.lagirelle.ch\/lagir\/wp-content\/uploads\/2019\/03\/IMG-20190324-WA0004-576x1024.jpg\" alt=\"\" width=\"576\" height=\"1024\" srcset=\"https:\/\/www.lagirelle.ch\/lagir\/wp-content\/uploads\/2019\/03\/IMG-20190324-WA0004-576x1024.jpg 576w, https:\/\/www.lagirelle.ch\/lagir\/wp-content\/uploads\/2019\/03\/IMG-20190324-WA0004-169x300.jpg 169w, https:\/\/www.lagirelle.ch\/lagir\/wp-content\/uploads\/2019\/03\/IMG-20190324-WA0004-768x1365.jpg 768w, https:\/\/www.lagirelle.ch\/lagir\/wp-content\/uploads\/2019\/03\/IMG-20190324-WA0004.jpg 900w\" sizes=\"(max-width: 576px) 100vw, 576px\" \/> <img decoding=\"async\" loading=\"lazy\" class=\"alignnone size-large wp-image-195\" src=\"https:\/\/www.lagirelle.ch\/lagir\/wp-content\/uploads\/2019\/03\/IMG-20190324-WA0003-576x1024.jpg\" alt=\"\" width=\"576\" height=\"1024\" srcset=\"https:\/\/www.lagirelle.ch\/lagir\/wp-content\/uploads\/2019\/03\/IMG-20190324-WA0003-576x1024.jpg 576w, https:\/\/www.lagirelle.ch\/lagir\/wp-content\/uploads\/2019\/03\/IMG-20190324-WA0003-169x300.jpg 169w, https:\/\/www.lagirelle.ch\/lagir\/wp-content\/uploads\/2019\/03\/IMG-20190324-WA0003-768x1365.jpg 768w, https:\/\/www.lagirelle.ch\/lagir\/wp-content\/uploads\/2019\/03\/IMG-20190324-WA0003.jpg 900w\" sizes=\"(max-width: 576px) 100vw, 576px\" \/><\/p>\n<p>Cours 2019<\/p>\n<p><img decoding=\"async\" loading=\"lazy\" class=\"alignnone size-large wp-image-133\" src=\"https:\/\/www.lagirelle.ch\/lagir\/wp-content\/uploads\/2018\/07\/20170406_165238-1024x576.jpg\" alt=\"\" width=\"1024\" height=\"576\" srcset=\"https:\/\/www.lagirelle.ch\/lagir\/wp-content\/uploads\/2018\/07\/20170406_165238-1024x576.jpg 1024w, https:\/\/www.lagirelle.ch\/lagir\/wp-content\/uploads\/2018\/07\/20170406_165238-300x169.jpg 300w, https:\/\/www.lagirelle.ch\/lagir\/wp-content\/uploads\/2018\/07\/20170406_165238-768x432.jpg 768w\" sizes=\"(max-width: 1024px) 100vw, 1024px\" \/><\/p>\n<p><img decoding=\"async\" loading=\"lazy\" class=\"alignnone size-large wp-image-145\" src=\"https:\/\/www.lagirelle.ch\/lagir\/wp-content\/uploads\/2018\/07\/20180619_105237-1024x576.jpg\" alt=\"\" width=\"1024\" height=\"576\" srcset=\"https:\/\/www.lagirelle.ch\/lagir\/wp-content\/uploads\/2018\/07\/20180619_105237-1024x576.jpg 1024w, https:\/\/www.lagirelle.ch\/lagir\/wp-content\/uploads\/2018\/07\/20180619_105237-300x169.jpg 300w, https:\/\/www.lagirelle.ch\/lagir\/wp-content\/uploads\/2018\/07\/20180619_105237-768x432.jpg 768w\" sizes=\"(max-width: 1024px) 100vw, 1024px\" \/> <img decoding=\"async\" loading=\"lazy\" class=\"alignnone size-large wp-image-144\" src=\"https:\/\/www.lagirelle.ch\/lagir\/wp-content\/uploads\/2018\/07\/20180619_105213-1024x576.jpg\" alt=\"\" width=\"1024\" height=\"576\" srcset=\"https:\/\/www.lagirelle.ch\/lagir\/wp-content\/uploads\/2018\/07\/20180619_105213-1024x576.jpg 1024w, https:\/\/www.lagirelle.ch\/lagir\/wp-content\/uploads\/2018\/07\/20180619_105213-300x169.jpg 300w, https:\/\/www.lagirelle.ch\/lagir\/wp-content\/uploads\/2018\/07\/20180619_105213-768x432.jpg 768w\" sizes=\"(max-width: 1024px) 100vw, 1024px\" \/><\/p>\n<p><img decoding=\"async\" loading=\"lazy\" class=\"size-large wp-image-143\" src=\"https:\/\/www.lagirelle.ch\/lagir\/wp-content\/uploads\/2018\/07\/avril-9-pie\u0300ces-1024x685.jpg\" alt=\"\" width=\"1024\" height=\"685\" srcset=\"https:\/\/www.lagirelle.ch\/lagir\/wp-content\/uploads\/2018\/07\/avril-9-pie\u0300ces-1024x685.jpg 1024w, https:\/\/www.lagirelle.ch\/lagir\/wp-content\/uploads\/2018\/07\/avril-9-pie\u0300ces-300x201.jpg 300w, https:\/\/www.lagirelle.ch\/lagir\/wp-content\/uploads\/2018\/07\/avril-9-pie\u0300ces-768x514.jpg 768w\" sizes=\"(max-width: 1024px) 100vw, 1024px\" \/><\/p>\n<p><img decoding=\"async\" loading=\"lazy\" class=\"alignnone size-large wp-image-181\" src=\"https:\/\/www.lagirelle.ch\/lagir\/wp-content\/uploads\/2018\/07\/DSC057472-1024x685.jpg\" alt=\"\" width=\"1024\" height=\"685\" srcset=\"https:\/\/www.lagirelle.ch\/lagir\/wp-content\/uploads\/2018\/07\/DSC057472-1024x685.jpg 1024w, https:\/\/www.lagirelle.ch\/lagir\/wp-content\/uploads\/2018\/07\/DSC057472-300x201.jpg 300w, https:\/\/www.lagirelle.ch\/lagir\/wp-content\/uploads\/2018\/07\/DSC057472-768x514.jpg 768w, https:\/\/www.lagirelle.ch\/lagir\/wp-content\/uploads\/2018\/07\/DSC057472.jpg 1494w\" sizes=\"(max-width: 1024px) 100vw, 1024px\" \/> <img decoding=\"async\" loading=\"lazy\" class=\"alignnone size-large wp-image-180\" src=\"https:\/\/www.lagirelle.ch\/lagir\/wp-content\/uploads\/2018\/07\/DSC057532-1024x685.jpg\" alt=\"\" width=\"1024\" height=\"685\" srcset=\"https:\/\/www.lagirelle.ch\/lagir\/wp-content\/uploads\/2018\/07\/DSC057532-1024x685.jpg 1024w, https:\/\/www.lagirelle.ch\/lagir\/wp-content\/uploads\/2018\/07\/DSC057532-300x201.jpg 300w, https:\/\/www.lagirelle.ch\/lagir\/wp-content\/uploads\/2018\/07\/DSC057532-768x514.jpg 768w, https:\/\/www.lagirelle.ch\/lagir\/wp-content\/uploads\/2018\/07\/DSC057532.jpg 1494w\" sizes=\"(max-width: 1024px) 100vw, 1024px\" \/><\/p>\n","protected":false},"excerpt":{"rendered":"<p>La Girelle participe au programme des ateliers d\u2019accueil pour les enfants apr\u00e8s l\u2019horaire scolaire organis\u00e9s par la commune en partenariat avec le Groupement Intercommunal pour l\u2019Animation Parascolaire (GIAP) L\u2019atelier de poterie se d\u00e9roule en g\u00e9n\u00e9ral le jeudi de 16h30 \u00e0 17h30 d\u00e8s la rentr\u00e9e scolaire&nbsp;<a class=\"read-more\" href=\"https:\/\/www.lagirelle.ch\/lagir\/activites\/coursenfants\/\">&hellip;<\/a><\/p>\n","protected":false},"author":1,"featured_media":0,"parent":7,"menu_order":0,"comment_status":"closed","ping_status":"closed","template":"template-full.php","meta":{"footnotes":""},"_links":{"self":[{"href":"https:\/\/www.lagirelle.ch\/lagir\/wp-json\/wp\/v2\/pages\/40"}],"collection":[{"href":"https:\/\/www.lagirelle.ch\/lagir\/wp-json\/wp\/v2\/pages"}],"about":[{"href":"https:\/\/www.lagirelle.ch\/lagir\/wp-json\/wp\/v2\/types\/page"}],"author":[{"embeddable":true,"href":"https:\/\/www.lagirelle.ch\/lagir\/wp-json\/wp\/v2\/users\/1"}],"replies":[{"embeddable":true,"href":"https:\/\/www.lagirelle.ch\/lagir\/wp-json\/wp\/v2\/comments?post=40"}],"version-history":[{"count":11,"href":"https:\/\/www.lagirelle.ch\/lagir\/wp-json\/wp\/v2\/pages\/40\/revisions"}],"predecessor-version":[{"id":264,"href":"https:\/\/www.lagirelle.ch\/lagir\/wp-json\/wp\/v2\/pages\/40\/revisions\/264"}],"up":[{"embeddable":true,"href":"https:\/\/www.lagirelle.ch\/lagir\/wp-json\/wp\/v2\/pages\/7"}],"wp:attachment":[{"href":"https:\/\/www.lagirelle.ch\/lagir\/wp-json\/wp\/v2\/media?parent=40"}],"curies":[{"name":"wp","href":"https:\/\/api.w.org\/{rel}","templated":true}]}}