{"id":49,"date":"2018-06-06T17:46:48","date_gmt":"2018-06-06T15:46:48","guid":{"rendered":"https:\/\/www.lagirelle.ch\/lagir\/?page_id=49"},"modified":"2023-12-26T19:55:54","modified_gmt":"2023-12-26T18:55:54","slug":"homepage","status":"publish","type":"page","link":"https:\/\/www.lagirelle.ch\/lagir\/homepage\/","title":{"rendered":"200 ans"},"content":{"rendered":"<p>COMM\u00c9MORATION DU 200E ANNIVERSAIRE DE LA COMMUNE DE PERLY-CERTOUX<br \/>25 &amp; 26 JUIN 2022<\/p>\n<p><img decoding=\"async\" loading=\"lazy\" class=\"alignnone size-large wp-image-268\" src=\"https:\/\/www.lagirelle.ch\/lagir\/wp-content\/uploads\/2022\/02\/WhatsApp-Image-2022-02-18-at-15.11.40-1024x761.jpeg\" sizes=\"(max-width: 1024px) 100vw, 1024px\" srcset=\"https:\/\/www.lagirelle.ch\/lagir\/wp-content\/uploads\/2022\/02\/WhatsApp-Image-2022-02-18-at-15.11.40-1024x761.jpeg 1024w, https:\/\/www.lagirelle.ch\/lagir\/wp-content\/uploads\/2022\/02\/WhatsApp-Image-2022-02-18-at-15.11.40-300x223.jpeg 300w, https:\/\/www.lagirelle.ch\/lagir\/wp-content\/uploads\/2022\/02\/WhatsApp-Image-2022-02-18-at-15.11.40-768x571.jpeg 768w, https:\/\/www.lagirelle.ch\/lagir\/wp-content\/uploads\/2022\/02\/WhatsApp-Image-2022-02-18-at-15.11.40-1536x1142.jpeg 1536w, https:\/\/www.lagirelle.ch\/lagir\/wp-content\/uploads\/2022\/02\/WhatsApp-Image-2022-02-18-at-15.11.40.jpeg 1848w\" alt=\"\" width=\"1024\" height=\"761\" \/><\/p>\n<p>\u00a0<\/p>\n<p>Si cela vous tente, nous sommes \u00e0 votre disposition \u00e0 partir du 28 f\u00e9vrier et vous aiderons avec grand plaisir \u00e0 fabriquer votre catelle\u00a0:<\/p>\n<p>Les lundi, mercredi, jeudi, vendredi et samedi matins \u00e0 9h00 ou \u00e0 10h00<br \/>Les lundis et jeudis soirs \u00e0 18h00 ou \u00e0 19h30<\/p>\n<p>Il faut compter environ 1h30 pour cette activit\u00e9<\/p>\n<p>Veuillez vous inscrire svp par courriel \u00e0 l\u2019adresse<\/p>\n<p>La Girelle a particip\u00e9 \u00e0 la F\u00eate de la comm\u00e9moration du 200e anniversaire de la commune qui se d\u00e9roula le week-end du 25 et 26 juin 2022.<\/p>\n<p>Dans ce cadre-l\u00e0, nous avons propos\u00e9 aux habitant\u00b7e\u00b7x\u00b7s de la commune de fabriquer des catelles d\u00e9coratives qui viendraient orner le four \u00e0 pain construit \u00e0 l\u2019occasion de la f\u00eate du 175e anniversaire de la commune.<\/p>\n<p>Chaque personne qui le souhaitait peut venir fabriquer, d\u00e9corer et signer sa catelle. La production des catelles a eu lieu dans les locaux de La Girelle, atelier qui se trouve au sous-sol de l\u2019\u00e9cole primaire de Perly-Certoux. Les catelles furent cuites en premi\u00e8re cuisson (cuisson biscuit) dans notre four, puis la\u00a0 deuxi\u00e8me cuisson fut r\u00e9alis\u00e9e dans un four papier, que nous avions construit sur place pour la f\u00eate le 25 et 26 juin. Les catelles furent ensuite remises \u00e0 la commune qui se chargea de les faire poser sur le four \u00e0 pain. <\/p>\n\n\n<figure class=\"wp-block-gallery has-nested-images columns-default is-cropped wp-block-gallery-1 is-layout-flex wp-block-gallery-is-layout-flex\">\n<figure class=\"wp-block-image size-large\"><img decoding=\"async\" loading=\"lazy\" width=\"462\" height=\"1024\" data-id=\"534\" src=\"https:\/\/www.lagirelle.ch\/lagir\/wp-content\/uploads\/2023\/12\/WhatsApp-Image-2023-12-20-at-10.54.43-462x1024.jpeg\" alt=\"\" class=\"wp-image-534\" srcset=\"https:\/\/www.lagirelle.ch\/lagir\/wp-content\/uploads\/2023\/12\/WhatsApp-Image-2023-12-20-at-10.54.43-462x1024.jpeg 462w, https:\/\/www.lagirelle.ch\/lagir\/wp-content\/uploads\/2023\/12\/WhatsApp-Image-2023-12-20-at-10.54.43-135x300.jpeg 135w, https:\/\/www.lagirelle.ch\/lagir\/wp-content\/uploads\/2023\/12\/WhatsApp-Image-2023-12-20-at-10.54.43-768x1704.jpeg 768w, https:\/\/www.lagirelle.ch\/lagir\/wp-content\/uploads\/2023\/12\/WhatsApp-Image-2023-12-20-at-10.54.43-692x1536.jpeg 692w, https:\/\/www.lagirelle.ch\/lagir\/wp-content\/uploads\/2023\/12\/WhatsApp-Image-2023-12-20-at-10.54.43.jpeg 923w\" sizes=\"(max-width: 462px) 100vw, 462px\" \/><\/figure>\n\n\n\n<figure class=\"wp-block-image size-large\"><img decoding=\"async\" loading=\"lazy\" width=\"462\" height=\"1024\" data-id=\"533\" src=\"https:\/\/www.lagirelle.ch\/lagir\/wp-content\/uploads\/2023\/12\/WhatsApp-Image-2023-12-20-at-10.54.44-462x1024.jpeg\" alt=\"\" class=\"wp-image-533\" srcset=\"https:\/\/www.lagirelle.ch\/lagir\/wp-content\/uploads\/2023\/12\/WhatsApp-Image-2023-12-20-at-10.54.44-462x1024.jpeg 462w, https:\/\/www.lagirelle.ch\/lagir\/wp-content\/uploads\/2023\/12\/WhatsApp-Image-2023-12-20-at-10.54.44-135x300.jpeg 135w, https:\/\/www.lagirelle.ch\/lagir\/wp-content\/uploads\/2023\/12\/WhatsApp-Image-2023-12-20-at-10.54.44-768x1704.jpeg 768w, https:\/\/www.lagirelle.ch\/lagir\/wp-content\/uploads\/2023\/12\/WhatsApp-Image-2023-12-20-at-10.54.44-692x1536.jpeg 692w, https:\/\/www.lagirelle.ch\/lagir\/wp-content\/uploads\/2023\/12\/WhatsApp-Image-2023-12-20-at-10.54.44.jpeg 923w\" sizes=\"(max-width: 462px) 100vw, 462px\" \/><\/figure>\n\n\n\n<figure class=\"wp-block-image size-large\"><img decoding=\"async\" loading=\"lazy\" width=\"462\" height=\"1024\" data-id=\"532\" src=\"https:\/\/www.lagirelle.ch\/lagir\/wp-content\/uploads\/2023\/12\/WhatsApp-Image-2023-12-20-at-10.54.44-1-462x1024.jpeg\" alt=\"\" class=\"wp-image-532\" srcset=\"https:\/\/www.lagirelle.ch\/lagir\/wp-content\/uploads\/2023\/12\/WhatsApp-Image-2023-12-20-at-10.54.44-1-462x1024.jpeg 462w, https:\/\/www.lagirelle.ch\/lagir\/wp-content\/uploads\/2023\/12\/WhatsApp-Image-2023-12-20-at-10.54.44-1-135x300.jpeg 135w, https:\/\/www.lagirelle.ch\/lagir\/wp-content\/uploads\/2023\/12\/WhatsApp-Image-2023-12-20-at-10.54.44-1-768x1704.jpeg 768w, https:\/\/www.lagirelle.ch\/lagir\/wp-content\/uploads\/2023\/12\/WhatsApp-Image-2023-12-20-at-10.54.44-1-692x1536.jpeg 692w, https:\/\/www.lagirelle.ch\/lagir\/wp-content\/uploads\/2023\/12\/WhatsApp-Image-2023-12-20-at-10.54.44-1.jpeg 923w\" sizes=\"(max-width: 462px) 100vw, 462px\" \/><\/figure>\n\n\n\n<figure class=\"wp-block-image size-large\"><img decoding=\"async\" loading=\"lazy\" width=\"462\" height=\"1024\" data-id=\"531\" src=\"https:\/\/www.lagirelle.ch\/lagir\/wp-content\/uploads\/2023\/12\/WhatsApp-Image-2023-12-20-at-10.54.44-2-462x1024.jpeg\" alt=\"\" class=\"wp-image-531\" srcset=\"https:\/\/www.lagirelle.ch\/lagir\/wp-content\/uploads\/2023\/12\/WhatsApp-Image-2023-12-20-at-10.54.44-2-462x1024.jpeg 462w, https:\/\/www.lagirelle.ch\/lagir\/wp-content\/uploads\/2023\/12\/WhatsApp-Image-2023-12-20-at-10.54.44-2-135x300.jpeg 135w, https:\/\/www.lagirelle.ch\/lagir\/wp-content\/uploads\/2023\/12\/WhatsApp-Image-2023-12-20-at-10.54.44-2-768x1704.jpeg 768w, https:\/\/www.lagirelle.ch\/lagir\/wp-content\/uploads\/2023\/12\/WhatsApp-Image-2023-12-20-at-10.54.44-2-692x1536.jpeg 692w, https:\/\/www.lagirelle.ch\/lagir\/wp-content\/uploads\/2023\/12\/WhatsApp-Image-2023-12-20-at-10.54.44-2.jpeg 923w\" sizes=\"(max-width: 462px) 100vw, 462px\" \/><\/figure>\n\n\n\n<figure class=\"wp-block-image size-large\"><img decoding=\"async\" loading=\"lazy\" width=\"462\" height=\"1024\" data-id=\"530\" src=\"https:\/\/www.lagirelle.ch\/lagir\/wp-content\/uploads\/2023\/12\/WhatsApp-Image-2023-12-20-at-10.54.44-3-462x1024.jpeg\" alt=\"\" class=\"wp-image-530\" srcset=\"https:\/\/www.lagirelle.ch\/lagir\/wp-content\/uploads\/2023\/12\/WhatsApp-Image-2023-12-20-at-10.54.44-3-462x1024.jpeg 462w, https:\/\/www.lagirelle.ch\/lagir\/wp-content\/uploads\/2023\/12\/WhatsApp-Image-2023-12-20-at-10.54.44-3-135x300.jpeg 135w, https:\/\/www.lagirelle.ch\/lagir\/wp-content\/uploads\/2023\/12\/WhatsApp-Image-2023-12-20-at-10.54.44-3-768x1704.jpeg 768w, https:\/\/www.lagirelle.ch\/lagir\/wp-content\/uploads\/2023\/12\/WhatsApp-Image-2023-12-20-at-10.54.44-3-692x1536.jpeg 692w, https:\/\/www.lagirelle.ch\/lagir\/wp-content\/uploads\/2023\/12\/WhatsApp-Image-2023-12-20-at-10.54.44-3.jpeg 923w\" sizes=\"(max-width: 462px) 100vw, 462px\" \/><\/figure>\n\n\n\n<figure class=\"wp-block-image size-large\"><img decoding=\"async\" loading=\"lazy\" width=\"462\" height=\"1024\" data-id=\"529\" src=\"https:\/\/www.lagirelle.ch\/lagir\/wp-content\/uploads\/2023\/12\/WhatsApp-Image-2023-12-20-at-10.54.43-1-462x1024.jpeg\" alt=\"\" class=\"wp-image-529\" srcset=\"https:\/\/www.lagirelle.ch\/lagir\/wp-content\/uploads\/2023\/12\/WhatsApp-Image-2023-12-20-at-10.54.43-1-462x1024.jpeg 462w, https:\/\/www.lagirelle.ch\/lagir\/wp-content\/uploads\/2023\/12\/WhatsApp-Image-2023-12-20-at-10.54.43-1-135x300.jpeg 135w, https:\/\/www.lagirelle.ch\/lagir\/wp-content\/uploads\/2023\/12\/WhatsApp-Image-2023-12-20-at-10.54.43-1-768x1704.jpeg 768w, https:\/\/www.lagirelle.ch\/lagir\/wp-content\/uploads\/2023\/12\/WhatsApp-Image-2023-12-20-at-10.54.43-1-692x1536.jpeg 692w, https:\/\/www.lagirelle.ch\/lagir\/wp-content\/uploads\/2023\/12\/WhatsApp-Image-2023-12-20-at-10.54.43-1.jpeg 923w\" sizes=\"(max-width: 462px) 100vw, 462px\" \/><\/figure>\n\n\n\n<figure class=\"wp-block-image size-large\"><img decoding=\"async\" loading=\"lazy\" width=\"462\" height=\"1024\" data-id=\"528\" src=\"https:\/\/www.lagirelle.ch\/lagir\/wp-content\/uploads\/2023\/12\/WhatsApp-Image-2023-12-20-at-10.54.43-2-462x1024.jpeg\" alt=\"\" class=\"wp-image-528\" srcset=\"https:\/\/www.lagirelle.ch\/lagir\/wp-content\/uploads\/2023\/12\/WhatsApp-Image-2023-12-20-at-10.54.43-2-462x1024.jpeg 462w, https:\/\/www.lagirelle.ch\/lagir\/wp-content\/uploads\/2023\/12\/WhatsApp-Image-2023-12-20-at-10.54.43-2-135x300.jpeg 135w, https:\/\/www.lagirelle.ch\/lagir\/wp-content\/uploads\/2023\/12\/WhatsApp-Image-2023-12-20-at-10.54.43-2-768x1704.jpeg 768w, https:\/\/www.lagirelle.ch\/lagir\/wp-content\/uploads\/2023\/12\/WhatsApp-Image-2023-12-20-at-10.54.43-2-692x1536.jpeg 692w, https:\/\/www.lagirelle.ch\/lagir\/wp-content\/uploads\/2023\/12\/WhatsApp-Image-2023-12-20-at-10.54.43-2.jpeg 923w\" sizes=\"(max-width: 462px) 100vw, 462px\" \/><\/figure>\n\n\n\n<figure class=\"wp-block-image size-large\"><img decoding=\"async\" loading=\"lazy\" width=\"462\" height=\"1024\" data-id=\"527\" src=\"https:\/\/www.lagirelle.ch\/lagir\/wp-content\/uploads\/2023\/12\/WhatsApp-Image-2023-12-20-at-10.54.44-4-462x1024.jpeg\" alt=\"\" class=\"wp-image-527\" srcset=\"https:\/\/www.lagirelle.ch\/lagir\/wp-content\/uploads\/2023\/12\/WhatsApp-Image-2023-12-20-at-10.54.44-4-462x1024.jpeg 462w, https:\/\/www.lagirelle.ch\/lagir\/wp-content\/uploads\/2023\/12\/WhatsApp-Image-2023-12-20-at-10.54.44-4-135x300.jpeg 135w, https:\/\/www.lagirelle.ch\/lagir\/wp-content\/uploads\/2023\/12\/WhatsApp-Image-2023-12-20-at-10.54.44-4-768x1704.jpeg 768w, https:\/\/www.lagirelle.ch\/lagir\/wp-content\/uploads\/2023\/12\/WhatsApp-Image-2023-12-20-at-10.54.44-4-692x1536.jpeg 692w, https:\/\/www.lagirelle.ch\/lagir\/wp-content\/uploads\/2023\/12\/WhatsApp-Image-2023-12-20-at-10.54.44-4.jpeg 923w\" sizes=\"(max-width: 462px) 100vw, 462px\" \/><\/figure>\n\n\n\n<figure class=\"wp-block-image size-large\"><img decoding=\"async\" loading=\"lazy\" width=\"462\" height=\"1024\" data-id=\"526\" src=\"https:\/\/www.lagirelle.ch\/lagir\/wp-content\/uploads\/2023\/12\/WhatsApp-Image-2023-12-20-at-10.54.43-3-462x1024.jpeg\" alt=\"\" class=\"wp-image-526\" srcset=\"https:\/\/www.lagirelle.ch\/lagir\/wp-content\/uploads\/2023\/12\/WhatsApp-Image-2023-12-20-at-10.54.43-3-462x1024.jpeg 462w, https:\/\/www.lagirelle.ch\/lagir\/wp-content\/uploads\/2023\/12\/WhatsApp-Image-2023-12-20-at-10.54.43-3-135x300.jpeg 135w, https:\/\/www.lagirelle.ch\/lagir\/wp-content\/uploads\/2023\/12\/WhatsApp-Image-2023-12-20-at-10.54.43-3-768x1704.jpeg 768w, https:\/\/www.lagirelle.ch\/lagir\/wp-content\/uploads\/2023\/12\/WhatsApp-Image-2023-12-20-at-10.54.43-3-692x1536.jpeg 692w, https:\/\/www.lagirelle.ch\/lagir\/wp-content\/uploads\/2023\/12\/WhatsApp-Image-2023-12-20-at-10.54.43-3.jpeg 923w\" sizes=\"(max-width: 462px) 100vw, 462px\" \/><\/figure>\n\n\n\n<figure class=\"wp-block-image size-large\"><img decoding=\"async\" loading=\"lazy\" width=\"462\" height=\"1024\" data-id=\"525\" src=\"https:\/\/www.lagirelle.ch\/lagir\/wp-content\/uploads\/2023\/12\/WhatsApp-Image-2023-12-20-at-10.54.44-5-462x1024.jpeg\" alt=\"\" class=\"wp-image-525\" srcset=\"https:\/\/www.lagirelle.ch\/lagir\/wp-content\/uploads\/2023\/12\/WhatsApp-Image-2023-12-20-at-10.54.44-5-462x1024.jpeg 462w, https:\/\/www.lagirelle.ch\/lagir\/wp-content\/uploads\/2023\/12\/WhatsApp-Image-2023-12-20-at-10.54.44-5-135x300.jpeg 135w, https:\/\/www.lagirelle.ch\/lagir\/wp-content\/uploads\/2023\/12\/WhatsApp-Image-2023-12-20-at-10.54.44-5-768x1704.jpeg 768w, https:\/\/www.lagirelle.ch\/lagir\/wp-content\/uploads\/2023\/12\/WhatsApp-Image-2023-12-20-at-10.54.44-5-692x1536.jpeg 692w, https:\/\/www.lagirelle.ch\/lagir\/wp-content\/uploads\/2023\/12\/WhatsApp-Image-2023-12-20-at-10.54.44-5.jpeg 923w\" sizes=\"(max-width: 462px) 100vw, 462px\" \/><\/figure>\n\n\n\n<figure class=\"wp-block-image size-large\"><img decoding=\"async\" loading=\"lazy\" width=\"462\" height=\"1024\" data-id=\"524\" src=\"https:\/\/www.lagirelle.ch\/lagir\/wp-content\/uploads\/2023\/12\/WhatsApp-Image-2023-12-20-at-10.54.43-4-462x1024.jpeg\" alt=\"\" class=\"wp-image-524\" srcset=\"https:\/\/www.lagirelle.ch\/lagir\/wp-content\/uploads\/2023\/12\/WhatsApp-Image-2023-12-20-at-10.54.43-4-462x1024.jpeg 462w, https:\/\/www.lagirelle.ch\/lagir\/wp-content\/uploads\/2023\/12\/WhatsApp-Image-2023-12-20-at-10.54.43-4-135x300.jpeg 135w, https:\/\/www.lagirelle.ch\/lagir\/wp-content\/uploads\/2023\/12\/WhatsApp-Image-2023-12-20-at-10.54.43-4-768x1704.jpeg 768w, https:\/\/www.lagirelle.ch\/lagir\/wp-content\/uploads\/2023\/12\/WhatsApp-Image-2023-12-20-at-10.54.43-4-692x1536.jpeg 692w, https:\/\/www.lagirelle.ch\/lagir\/wp-content\/uploads\/2023\/12\/WhatsApp-Image-2023-12-20-at-10.54.43-4.jpeg 923w\" sizes=\"(max-width: 462px) 100vw, 462px\" \/><\/figure>\n<\/figure>\n","protected":false},"excerpt":{"rendered":"<p>COMM\u00c9MORATION DU 200E ANNIVERSAIRE DE LA COMMUNE DE PERLY-CERTOUX25 &amp; 26 JUIN 2022 \u00a0 Si cela vous tente, nous sommes \u00e0 votre disposition \u00e0 partir du 28 f\u00e9vrier et vous aiderons avec grand plaisir \u00e0 fabriquer votre catelle\u00a0: Les lundi, mercredi, jeudi, vendredi et samedi&nbsp;<a class=\"read-more\" href=\"https:\/\/www.lagirelle.ch\/lagir\/homepage\/\">&hellip;<\/a><\/p>\n","protected":false},"author":1,"featured_media":0,"parent":0,"menu_order":0,"comment_status":"closed","ping_status":"closed","template":"template-full.php","meta":{"footnotes":""},"_links":{"self":[{"href":"https:\/\/www.lagirelle.ch\/lagir\/wp-json\/wp\/v2\/pages\/49"}],"collection":[{"href":"https:\/\/www.lagirelle.ch\/lagir\/wp-json\/wp\/v2\/pages"}],"about":[{"href":"https:\/\/www.lagirelle.ch\/lagir\/wp-json\/wp\/v2\/types\/page"}],"author":[{"embeddable":true,"href":"https:\/\/www.lagirelle.ch\/lagir\/wp-json\/wp\/v2\/users\/1"}],"replies":[{"embeddable":true,"href":"https:\/\/www.lagirelle.ch\/lagir\/wp-json\/wp\/v2\/comments?post=49"}],"version-history":[{"count":21,"href":"https:\/\/www.lagirelle.ch\/lagir\/wp-json\/wp\/v2\/pages\/49\/revisions"}],"predecessor-version":[{"id":544,"href":"https:\/\/www.lagirelle.ch\/lagir\/wp-json\/wp\/v2\/pages\/49\/revisions\/544"}],"wp:attachment":[{"href":"https:\/\/www.lagirelle.ch\/lagir\/wp-json\/wp\/v2\/media?parent=49"}],"curies":[{"name":"wp","href":"https:\/\/api.w.org\/{rel}","templated":true}]}}