{"id":642,"date":"2024-05-28T22:05:01","date_gmt":"2024-05-28T20:05:01","guid":{"rendered":"https:\/\/www.lagirelle.ch\/?page_id=642"},"modified":"2024-05-28T22:46:20","modified_gmt":"2024-05-28T20:46:20","slug":"exposition-2","status":"publish","type":"page","link":"https:\/\/www.lagirelle.ch\/lagir\/exposition-2\/","title":{"rendered":"Terre &#038; bois"},"content":{"rendered":"\n<p class=\"has-text-color has-medium-font-size\" style=\"color:#fe7200\"><strong>Exposition &amp; vente de c\u00e9ramique<br>Du 19 au 21 avril 2024 <\/strong><br><strong>Maison de la Douane \u00e0 Perly-Certoux<\/strong><\/p>\n\n\n\n<p class=\"has-black-color has-text-color has-small-font-size\">6 ans apr\u00e8s sa derni\u00e8re exposition, <a href=\"https:\/\/www.lagirelle.ch\/2018\/07\/08\/401-bols\/\" data-type=\"link\" data-id=\"https:\/\/www.lagirelle.ch\/2018\/07\/08\/401-bols\/\">\u00ab401 bols\u00bb<\/a> pour les 40 ans de l\u2019atelier, la Girelle a eu le plaisir de retourner \u00e0 la Maison de la Douane \u00e0 Perly-Certoux pour son exposition &nbsp;intitul\u00e9e \u00abTerre &amp; Bois\u00bb. <br><br>Le th\u00e8me \u2014terre et bois\u2014 renvoie \u00e0 l\u2019essentiel, en utilisant deux mat\u00e9riaux naturels qui laissent un grand choix \u00e0 la cr\u00e9ativit\u00e9 de chacun\u00b7e. Petit d\u00e9fi suppl\u00e9mentaire: les deux mat\u00e9riaux doivent au final pouvoir s\u2019harmoniser pour ne former qu\u2019un seul et unique objet. Chaque exposant\u00b7e s\u2019engageait \u00e0 pr\u00e9senter au moins une cr\u00e9ation correspondant au th\u00e8me.<br><br>Des cr\u00e9ations de 18 exposant\u00b7e\u00b7s \u00e9taient pr\u00e9sent\u00e9es: <br>Girod Fran\u00e7oise, Gisiger Marina, Gobeli Myriam, Goetschmann Anne-Marie , Guernier Nelly, Hottelier Mado , Iacazzi Christian, Jordan Francine, Kubler Sabine, Larsen Deanna, Magnin Marie-Claire, Mermier Pierrette, Millier Jacqueline , ZAZ, P\u00e9rier Kessi Anne, Zbinden Christiane, Ziegenhagen Clara.<\/p>\n\n\n\n<figure class=\"wp-block-gallery has-nested-images columns-default is-cropped wp-block-gallery-1 is-layout-flex wp-block-gallery-is-layout-flex\">\n<figure class=\"wp-block-image size-large\"><img decoding=\"async\" loading=\"lazy\" width=\"671\" height=\"1024\" data-id=\"659\" src=\"https:\/\/www.lagirelle.ch\/lagir\/wp-content\/uploads\/2024\/05\/Maison-671x1024.jpg\" alt=\"\" class=\"wp-image-659\" srcset=\"https:\/\/www.lagirelle.ch\/lagir\/wp-content\/uploads\/2024\/05\/Maison-671x1024.jpg 671w, https:\/\/www.lagirelle.ch\/lagir\/wp-content\/uploads\/2024\/05\/Maison-197x300.jpg 197w, https:\/\/www.lagirelle.ch\/lagir\/wp-content\/uploads\/2024\/05\/Maison-768x1171.jpg 768w, https:\/\/www.lagirelle.ch\/lagir\/wp-content\/uploads\/2024\/05\/Maison-1007x1536.jpg 1007w, https:\/\/www.lagirelle.ch\/lagir\/wp-content\/uploads\/2024\/05\/Maison-1343x2048.jpg 1343w, https:\/\/www.lagirelle.ch\/lagir\/wp-content\/uploads\/2024\/05\/Maison-scaled.jpg 1679w\" sizes=\"(max-width: 671px) 100vw, 671px\" \/><\/figure>\n\n\n\n<figure class=\"wp-block-image size-large\"><img decoding=\"async\" loading=\"lazy\" width=\"640\" height=\"480\" data-id=\"668\" src=\"https:\/\/www.lagirelle.ch\/lagir\/wp-content\/uploads\/2024\/05\/Zaz-2.jpg\" alt=\"\" class=\"wp-image-668\" srcset=\"https:\/\/www.lagirelle.ch\/lagir\/wp-content\/uploads\/2024\/05\/Zaz-2.jpg 640w, https:\/\/www.lagirelle.ch\/lagir\/wp-content\/uploads\/2024\/05\/Zaz-2-300x225.jpg 300w\" sizes=\"(max-width: 640px) 100vw, 640px\" \/><\/figure>\n\n\n\n<figure class=\"wp-block-image size-large\"><img decoding=\"async\" loading=\"lazy\" width=\"1024\" height=\"792\" data-id=\"663\" src=\"https:\/\/www.lagirelle.ch\/lagir\/wp-content\/uploads\/2024\/05\/Marina-2-1024x792.jpg\" alt=\"\" class=\"wp-image-663\" srcset=\"https:\/\/www.lagirelle.ch\/lagir\/wp-content\/uploads\/2024\/05\/Marina-2-1024x792.jpg 1024w, https:\/\/www.lagirelle.ch\/lagir\/wp-content\/uploads\/2024\/05\/Marina-2-300x232.jpg 300w, https:\/\/www.lagirelle.ch\/lagir\/wp-content\/uploads\/2024\/05\/Marina-2-768x594.jpg 768w, https:\/\/www.lagirelle.ch\/lagir\/wp-content\/uploads\/2024\/05\/Marina-2-1536x1189.jpg 1536w, https:\/\/www.lagirelle.ch\/lagir\/wp-content\/uploads\/2024\/05\/Marina-2-2048x1585.jpg 2048w\" sizes=\"(max-width: 1024px) 100vw, 1024px\" \/><\/figure>\n\n\n\n<figure class=\"wp-block-image size-large\"><img decoding=\"async\" loading=\"lazy\" width=\"725\" height=\"1024\" data-id=\"643\" src=\"https:\/\/www.lagirelle.ch\/lagir\/wp-content\/uploads\/2024\/05\/AMG-1-1-725x1024.jpg\" alt=\"\" class=\"wp-image-643\" srcset=\"https:\/\/www.lagirelle.ch\/lagir\/wp-content\/uploads\/2024\/05\/AMG-1-1-725x1024.jpg 725w, https:\/\/www.lagirelle.ch\/lagir\/wp-content\/uploads\/2024\/05\/AMG-1-1-212x300.jpg 212w, https:\/\/www.lagirelle.ch\/lagir\/wp-content\/uploads\/2024\/05\/AMG-1-1-768x1084.jpg 768w, https:\/\/www.lagirelle.ch\/lagir\/wp-content\/uploads\/2024\/05\/AMG-1-1-1088x1536.jpg 1088w, https:\/\/www.lagirelle.ch\/lagir\/wp-content\/uploads\/2024\/05\/AMG-1-1-1451x2048.jpg 1451w, https:\/\/www.lagirelle.ch\/lagir\/wp-content\/uploads\/2024\/05\/AMG-1-1.jpg 1673w\" sizes=\"(max-width: 725px) 100vw, 725px\" \/><\/figure>\n\n\n\n<figure class=\"wp-block-image size-large\"><img decoding=\"async\" loading=\"lazy\" width=\"533\" height=\"1024\" data-id=\"644\" src=\"https:\/\/www.lagirelle.ch\/lagir\/wp-content\/uploads\/2024\/05\/AMG-2-1-533x1024.jpg\" alt=\"\" class=\"wp-image-644\" srcset=\"https:\/\/www.lagirelle.ch\/lagir\/wp-content\/uploads\/2024\/05\/AMG-2-1-533x1024.jpg 533w, https:\/\/www.lagirelle.ch\/lagir\/wp-content\/uploads\/2024\/05\/AMG-2-1-156x300.jpg 156w, https:\/\/www.lagirelle.ch\/lagir\/wp-content\/uploads\/2024\/05\/AMG-2-1-768x1475.jpg 768w, https:\/\/www.lagirelle.ch\/lagir\/wp-content\/uploads\/2024\/05\/AMG-2-1-800x1536.jpg 800w, https:\/\/www.lagirelle.ch\/lagir\/wp-content\/uploads\/2024\/05\/AMG-2-1-1067x2048.jpg 1067w, https:\/\/www.lagirelle.ch\/lagir\/wp-content\/uploads\/2024\/05\/AMG-2-1-scaled.jpg 1333w\" sizes=\"(max-width: 533px) 100vw, 533px\" \/><\/figure>\n\n\n\n<figure class=\"wp-block-image size-large\"><img decoding=\"async\" loading=\"lazy\" width=\"1024\" height=\"776\" data-id=\"662\" src=\"https:\/\/www.lagirelle.ch\/lagir\/wp-content\/uploads\/2024\/05\/Marina-1-1024x776.jpg\" alt=\"\" class=\"wp-image-662\" srcset=\"https:\/\/www.lagirelle.ch\/lagir\/wp-content\/uploads\/2024\/05\/Marina-1-1024x776.jpg 1024w, https:\/\/www.lagirelle.ch\/lagir\/wp-content\/uploads\/2024\/05\/Marina-1-300x227.jpg 300w, https:\/\/www.lagirelle.ch\/lagir\/wp-content\/uploads\/2024\/05\/Marina-1-768x582.jpg 768w, https:\/\/www.lagirelle.ch\/lagir\/wp-content\/uploads\/2024\/05\/Marina-1-1536x1164.jpg 1536w, https:\/\/www.lagirelle.ch\/lagir\/wp-content\/uploads\/2024\/05\/Marina-1-2048x1551.jpg 2048w\" sizes=\"(max-width: 1024px) 100vw, 1024px\" \/><\/figure>\n\n\n\n<figure class=\"wp-block-image size-large\"><img decoding=\"async\" loading=\"lazy\" width=\"537\" height=\"1024\" data-id=\"645\" src=\"https:\/\/www.lagirelle.ch\/lagir\/wp-content\/uploads\/2024\/05\/AMG-3-1-537x1024.jpg\" alt=\"\" class=\"wp-image-645\" srcset=\"https:\/\/www.lagirelle.ch\/lagir\/wp-content\/uploads\/2024\/05\/AMG-3-1-537x1024.jpg 537w, https:\/\/www.lagirelle.ch\/lagir\/wp-content\/uploads\/2024\/05\/AMG-3-1-157x300.jpg 157w, https:\/\/www.lagirelle.ch\/lagir\/wp-content\/uploads\/2024\/05\/AMG-3-1-768x1465.jpg 768w, https:\/\/www.lagirelle.ch\/lagir\/wp-content\/uploads\/2024\/05\/AMG-3-1-805x1536.jpg 805w, https:\/\/www.lagirelle.ch\/lagir\/wp-content\/uploads\/2024\/05\/AMG-3-1-1074x2048.jpg 1074w, https:\/\/www.lagirelle.ch\/lagir\/wp-content\/uploads\/2024\/05\/AMG-3-1-scaled.jpg 1342w\" sizes=\"(max-width: 537px) 100vw, 537px\" \/><\/figure>\n\n\n\n<figure class=\"wp-block-image size-large\"><img decoding=\"async\" loading=\"lazy\" width=\"461\" height=\"1024\" data-id=\"648\" src=\"https:\/\/www.lagirelle.ch\/lagir\/wp-content\/uploads\/2024\/05\/Christiane-1-461x1024.jpg\" alt=\"\" class=\"wp-image-648\" srcset=\"https:\/\/www.lagirelle.ch\/lagir\/wp-content\/uploads\/2024\/05\/Christiane-1-461x1024.jpg 461w, https:\/\/www.lagirelle.ch\/lagir\/wp-content\/uploads\/2024\/05\/Christiane-1-135x300.jpg 135w, https:\/\/www.lagirelle.ch\/lagir\/wp-content\/uploads\/2024\/05\/Christiane-1-768x1707.jpg 768w, https:\/\/www.lagirelle.ch\/lagir\/wp-content\/uploads\/2024\/05\/Christiane-1-691x1536.jpg 691w, https:\/\/www.lagirelle.ch\/lagir\/wp-content\/uploads\/2024\/05\/Christiane-1-922x2048.jpg 922w, https:\/\/www.lagirelle.ch\/lagir\/wp-content\/uploads\/2024\/05\/Christiane-1.jpg 1080w\" sizes=\"(max-width: 461px) 100vw, 461px\" \/><\/figure>\n\n\n\n<figure class=\"wp-block-image size-large\"><img decoding=\"async\" loading=\"lazy\" width=\"1024\" height=\"558\" data-id=\"649\" src=\"https:\/\/www.lagirelle.ch\/lagir\/wp-content\/uploads\/2024\/05\/Christiane-2-1024x558.jpg\" alt=\"\" class=\"wp-image-649\" srcset=\"https:\/\/www.lagirelle.ch\/lagir\/wp-content\/uploads\/2024\/05\/Christiane-2-1024x558.jpg 1024w, https:\/\/www.lagirelle.ch\/lagir\/wp-content\/uploads\/2024\/05\/Christiane-2-300x163.jpg 300w, https:\/\/www.lagirelle.ch\/lagir\/wp-content\/uploads\/2024\/05\/Christiane-2-768x418.jpg 768w, https:\/\/www.lagirelle.ch\/lagir\/wp-content\/uploads\/2024\/05\/Christiane-2.jpg 1080w\" sizes=\"(max-width: 1024px) 100vw, 1024px\" \/><\/figure>\n\n\n\n<figure class=\"wp-block-image size-large\"><img decoding=\"async\" loading=\"lazy\" width=\"399\" height=\"1024\" data-id=\"650\" src=\"https:\/\/www.lagirelle.ch\/lagir\/wp-content\/uploads\/2024\/05\/Christiane-3-399x1024.jpg\" alt=\"\" class=\"wp-image-650\" srcset=\"https:\/\/www.lagirelle.ch\/lagir\/wp-content\/uploads\/2024\/05\/Christiane-3-399x1024.jpg 399w, https:\/\/www.lagirelle.ch\/lagir\/wp-content\/uploads\/2024\/05\/Christiane-3-117x300.jpg 117w, https:\/\/www.lagirelle.ch\/lagir\/wp-content\/uploads\/2024\/05\/Christiane-3-768x1971.jpg 768w, https:\/\/www.lagirelle.ch\/lagir\/wp-content\/uploads\/2024\/05\/Christiane-3-599x1536.jpg 599w, https:\/\/www.lagirelle.ch\/lagir\/wp-content\/uploads\/2024\/05\/Christiane-3-798x2048.jpg 798w, https:\/\/www.lagirelle.ch\/lagir\/wp-content\/uploads\/2024\/05\/Christiane-3.jpg 917w\" sizes=\"(max-width: 399px) 100vw, 399px\" \/><\/figure>\n\n\n\n<figure class=\"wp-block-image size-large\"><img decoding=\"async\" loading=\"lazy\" width=\"1024\" height=\"768\" data-id=\"651\" src=\"https:\/\/www.lagirelle.ch\/lagir\/wp-content\/uploads\/2024\/05\/Clara-1-1024x768.jpg\" alt=\"\" class=\"wp-image-651\" srcset=\"https:\/\/www.lagirelle.ch\/lagir\/wp-content\/uploads\/2024\/05\/Clara-1-1024x768.jpg 1024w, https:\/\/www.lagirelle.ch\/lagir\/wp-content\/uploads\/2024\/05\/Clara-1-300x225.jpg 300w, https:\/\/www.lagirelle.ch\/lagir\/wp-content\/uploads\/2024\/05\/Clara-1-768x576.jpg 768w, https:\/\/www.lagirelle.ch\/lagir\/wp-content\/uploads\/2024\/05\/Clara-1-1536x1152.jpg 1536w, https:\/\/www.lagirelle.ch\/lagir\/wp-content\/uploads\/2024\/05\/Clara-1-2048x1536.jpg 2048w\" sizes=\"(max-width: 1024px) 100vw, 1024px\" \/><\/figure>\n\n\n\n<figure class=\"wp-block-image size-large\"><img decoding=\"async\" loading=\"lazy\" width=\"1024\" height=\"803\" data-id=\"653\" src=\"https:\/\/www.lagirelle.ch\/lagir\/wp-content\/uploads\/2024\/05\/Clara-3-1024x803.jpg\" alt=\"\" class=\"wp-image-653\" srcset=\"https:\/\/www.lagirelle.ch\/lagir\/wp-content\/uploads\/2024\/05\/Clara-3-1024x803.jpg 1024w, https:\/\/www.lagirelle.ch\/lagir\/wp-content\/uploads\/2024\/05\/Clara-3-300x235.jpg 300w, https:\/\/www.lagirelle.ch\/lagir\/wp-content\/uploads\/2024\/05\/Clara-3-768x602.jpg 768w, https:\/\/www.lagirelle.ch\/lagir\/wp-content\/uploads\/2024\/05\/Clara-3-1536x1204.jpg 1536w, https:\/\/www.lagirelle.ch\/lagir\/wp-content\/uploads\/2024\/05\/Clara-3.jpg 1854w\" sizes=\"(max-width: 1024px) 100vw, 1024px\" \/><\/figure>\n\n\n\n<figure class=\"wp-block-image size-large\"><img decoding=\"async\" loading=\"lazy\" width=\"768\" height=\"1024\" data-id=\"652\" src=\"https:\/\/www.lagirelle.ch\/lagir\/wp-content\/uploads\/2024\/05\/Clara-2-768x1024.jpg\" alt=\"\" class=\"wp-image-652\" srcset=\"https:\/\/www.lagirelle.ch\/lagir\/wp-content\/uploads\/2024\/05\/Clara-2-768x1024.jpg 768w, https:\/\/www.lagirelle.ch\/lagir\/wp-content\/uploads\/2024\/05\/Clara-2-225x300.jpg 225w, https:\/\/www.lagirelle.ch\/lagir\/wp-content\/uploads\/2024\/05\/Clara-2-1152x1536.jpg 1152w, https:\/\/www.lagirelle.ch\/lagir\/wp-content\/uploads\/2024\/05\/Clara-2-1536x2048.jpg 1536w, https:\/\/www.lagirelle.ch\/lagir\/wp-content\/uploads\/2024\/05\/Clara-2-scaled.jpg 1920w\" sizes=\"(max-width: 768px) 100vw, 768px\" \/><\/figure>\n\n\n\n<figure class=\"wp-block-image size-large\"><img decoding=\"async\" loading=\"lazy\" width=\"1024\" height=\"872\" data-id=\"654\" src=\"https:\/\/www.lagirelle.ch\/lagir\/wp-content\/uploads\/2024\/05\/Deanna-2-1024x872.jpg\" alt=\"\" class=\"wp-image-654\" srcset=\"https:\/\/www.lagirelle.ch\/lagir\/wp-content\/uploads\/2024\/05\/Deanna-2-1024x872.jpg 1024w, https:\/\/www.lagirelle.ch\/lagir\/wp-content\/uploads\/2024\/05\/Deanna-2-300x256.jpg 300w, https:\/\/www.lagirelle.ch\/lagir\/wp-content\/uploads\/2024\/05\/Deanna-2-768x654.jpg 768w, https:\/\/www.lagirelle.ch\/lagir\/wp-content\/uploads\/2024\/05\/Deanna-2-1536x1309.jpg 1536w, https:\/\/www.lagirelle.ch\/lagir\/wp-content\/uploads\/2024\/05\/Deanna-2-2048x1745.jpg 2048w\" sizes=\"(max-width: 1024px) 100vw, 1024px\" \/><\/figure>\n\n\n\n<figure class=\"wp-block-image size-large\"><img decoding=\"async\" loading=\"lazy\" width=\"663\" height=\"1024\" data-id=\"655\" src=\"https:\/\/www.lagirelle.ch\/lagir\/wp-content\/uploads\/2024\/05\/Fil-rouge-663x1024.jpg\" alt=\"\" class=\"wp-image-655\" srcset=\"https:\/\/www.lagirelle.ch\/lagir\/wp-content\/uploads\/2024\/05\/Fil-rouge-663x1024.jpg 663w, https:\/\/www.lagirelle.ch\/lagir\/wp-content\/uploads\/2024\/05\/Fil-rouge-194x300.jpg 194w, https:\/\/www.lagirelle.ch\/lagir\/wp-content\/uploads\/2024\/05\/Fil-rouge-768x1186.jpg 768w, https:\/\/www.lagirelle.ch\/lagir\/wp-content\/uploads\/2024\/05\/Fil-rouge-994x1536.jpg 994w, https:\/\/www.lagirelle.ch\/lagir\/wp-content\/uploads\/2024\/05\/Fil-rouge-1326x2048.jpg 1326w, https:\/\/www.lagirelle.ch\/lagir\/wp-content\/uploads\/2024\/05\/Fil-rouge-scaled.jpg 1657w\" sizes=\"(max-width: 663px) 100vw, 663px\" \/><\/figure>\n\n\n\n<figure class=\"wp-block-image size-large\"><img decoding=\"async\" loading=\"lazy\" width=\"320\" height=\"317\" data-id=\"656\" src=\"https:\/\/www.lagirelle.ch\/lagir\/wp-content\/uploads\/2024\/05\/Jacqueline-1.jpg\" alt=\"\" class=\"wp-image-656\" srcset=\"https:\/\/www.lagirelle.ch\/lagir\/wp-content\/uploads\/2024\/05\/Jacqueline-1.jpg 320w, https:\/\/www.lagirelle.ch\/lagir\/wp-content\/uploads\/2024\/05\/Jacqueline-1-300x297.jpg 300w, https:\/\/www.lagirelle.ch\/lagir\/wp-content\/uploads\/2024\/05\/Jacqueline-1-150x150.jpg 150w\" sizes=\"(max-width: 320px) 100vw, 320px\" \/><\/figure>\n\n\n\n<figure class=\"wp-block-image size-large\"><img decoding=\"async\" loading=\"lazy\" width=\"320\" height=\"266\" data-id=\"657\" src=\"https:\/\/www.lagirelle.ch\/lagir\/wp-content\/uploads\/2024\/05\/Jacqueline-2.jpg\" alt=\"\" class=\"wp-image-657\" srcset=\"https:\/\/www.lagirelle.ch\/lagir\/wp-content\/uploads\/2024\/05\/Jacqueline-2.jpg 320w, https:\/\/www.lagirelle.ch\/lagir\/wp-content\/uploads\/2024\/05\/Jacqueline-2-300x249.jpg 300w\" sizes=\"(max-width: 320px) 100vw, 320px\" \/><\/figure>\n\n\n\n<figure class=\"wp-block-image size-large\"><img decoding=\"async\" loading=\"lazy\" width=\"462\" height=\"1024\" data-id=\"658\" src=\"https:\/\/www.lagirelle.ch\/lagir\/wp-content\/uploads\/2024\/05\/Mado-462x1024.jpg\" alt=\"\" class=\"wp-image-658\" srcset=\"https:\/\/www.lagirelle.ch\/lagir\/wp-content\/uploads\/2024\/05\/Mado-462x1024.jpg 462w, https:\/\/www.lagirelle.ch\/lagir\/wp-content\/uploads\/2024\/05\/Mado-135x300.jpg 135w, https:\/\/www.lagirelle.ch\/lagir\/wp-content\/uploads\/2024\/05\/Mado-768x1704.jpg 768w, https:\/\/www.lagirelle.ch\/lagir\/wp-content\/uploads\/2024\/05\/Mado-692x1536.jpg 692w, https:\/\/www.lagirelle.ch\/lagir\/wp-content\/uploads\/2024\/05\/Mado.jpg 923w\" sizes=\"(max-width: 462px) 100vw, 462px\" \/><\/figure>\n\n\n\n<figure class=\"wp-block-image size-large\"><img decoding=\"async\" loading=\"lazy\" width=\"1024\" height=\"766\" data-id=\"646\" src=\"https:\/\/www.lagirelle.ch\/lagir\/wp-content\/uploads\/2024\/05\/Autorites-1-1-1024x766.jpg\" alt=\"\" class=\"wp-image-646\" srcset=\"https:\/\/www.lagirelle.ch\/lagir\/wp-content\/uploads\/2024\/05\/Autorites-1-1-1024x766.jpg 1024w, https:\/\/www.lagirelle.ch\/lagir\/wp-content\/uploads\/2024\/05\/Autorites-1-1-300x224.jpg 300w, https:\/\/www.lagirelle.ch\/lagir\/wp-content\/uploads\/2024\/05\/Autorites-1-1-768x575.jpg 768w, https:\/\/www.lagirelle.ch\/lagir\/wp-content\/uploads\/2024\/05\/Autorites-1-1-1536x1149.jpg 1536w, https:\/\/www.lagirelle.ch\/lagir\/wp-content\/uploads\/2024\/05\/Autorites-1-1-2048x1532.jpg 2048w\" sizes=\"(max-width: 1024px) 100vw, 1024px\" \/><\/figure>\n\n\n\n<figure class=\"wp-block-image size-large\"><img decoding=\"async\" loading=\"lazy\" width=\"1015\" height=\"1024\" data-id=\"647\" src=\"https:\/\/www.lagirelle.ch\/lagir\/wp-content\/uploads\/2024\/05\/Autorites-2-1-1015x1024.jpg\" alt=\"\" class=\"wp-image-647\" srcset=\"https:\/\/www.lagirelle.ch\/lagir\/wp-content\/uploads\/2024\/05\/Autorites-2-1-1015x1024.jpg 1015w, https:\/\/www.lagirelle.ch\/lagir\/wp-content\/uploads\/2024\/05\/Autorites-2-1-297x300.jpg 297w, https:\/\/www.lagirelle.ch\/lagir\/wp-content\/uploads\/2024\/05\/Autorites-2-1-150x150.jpg 150w, https:\/\/www.lagirelle.ch\/lagir\/wp-content\/uploads\/2024\/05\/Autorites-2-1-768x775.jpg 768w, https:\/\/www.lagirelle.ch\/lagir\/wp-content\/uploads\/2024\/05\/Autorites-2-1-1522x1536.jpg 1522w, https:\/\/www.lagirelle.ch\/lagir\/wp-content\/uploads\/2024\/05\/Autorites-2-1-2030x2048.jpg 2030w\" sizes=\"(max-width: 1015px) 100vw, 1015px\" \/><\/figure>\n\n\n\n<figure class=\"wp-block-image size-large\"><img decoding=\"async\" loading=\"lazy\" width=\"1024\" height=\"1024\" data-id=\"660\" src=\"https:\/\/www.lagirelle.ch\/lagir\/wp-content\/uploads\/2024\/05\/Marche-1-1024x1024.jpg\" alt=\"\" class=\"wp-image-660\" srcset=\"https:\/\/www.lagirelle.ch\/lagir\/wp-content\/uploads\/2024\/05\/Marche-1-1024x1024.jpg 1024w, https:\/\/www.lagirelle.ch\/lagir\/wp-content\/uploads\/2024\/05\/Marche-1-300x300.jpg 300w, https:\/\/www.lagirelle.ch\/lagir\/wp-content\/uploads\/2024\/05\/Marche-1-150x150.jpg 150w, https:\/\/www.lagirelle.ch\/lagir\/wp-content\/uploads\/2024\/05\/Marche-1-768x768.jpg 768w, https:\/\/www.lagirelle.ch\/lagir\/wp-content\/uploads\/2024\/05\/Marche-1-1536x1536.jpg 1536w, https:\/\/www.lagirelle.ch\/lagir\/wp-content\/uploads\/2024\/05\/Marche-1.jpg 2048w\" sizes=\"(max-width: 1024px) 100vw, 1024px\" \/><\/figure>\n\n\n\n<figure class=\"wp-block-image size-large\"><img decoding=\"async\" loading=\"lazy\" width=\"640\" height=\"480\" data-id=\"667\" src=\"https:\/\/www.lagirelle.ch\/lagir\/wp-content\/uploads\/2024\/05\/Zaz-1.jpg\" alt=\"\" class=\"wp-image-667\" srcset=\"https:\/\/www.lagirelle.ch\/lagir\/wp-content\/uploads\/2024\/05\/Zaz-1.jpg 640w, https:\/\/www.lagirelle.ch\/lagir\/wp-content\/uploads\/2024\/05\/Zaz-1-300x225.jpg 300w\" sizes=\"(max-width: 640px) 100vw, 640px\" \/><\/figure>\n\n\n\n<figure class=\"wp-block-image size-large\"><img decoding=\"async\" loading=\"lazy\" width=\"1024\" height=\"693\" data-id=\"661\" src=\"https:\/\/www.lagirelle.ch\/lagir\/wp-content\/uploads\/2024\/05\/Marie-Claire-1024x693.jpg\" alt=\"\" class=\"wp-image-661\" srcset=\"https:\/\/www.lagirelle.ch\/lagir\/wp-content\/uploads\/2024\/05\/Marie-Claire-1024x693.jpg 1024w, https:\/\/www.lagirelle.ch\/lagir\/wp-content\/uploads\/2024\/05\/Marie-Claire-300x203.jpg 300w, https:\/\/www.lagirelle.ch\/lagir\/wp-content\/uploads\/2024\/05\/Marie-Claire-768x520.jpg 768w, https:\/\/www.lagirelle.ch\/lagir\/wp-content\/uploads\/2024\/05\/Marie-Claire-1536x1040.jpg 1536w, https:\/\/www.lagirelle.ch\/lagir\/wp-content\/uploads\/2024\/05\/Marie-Claire-2048x1386.jpg 2048w\" sizes=\"(max-width: 1024px) 100vw, 1024px\" \/><\/figure>\n\n\n\n<figure class=\"wp-block-image size-large\"><img decoding=\"async\" loading=\"lazy\" width=\"480\" height=\"640\" data-id=\"665\" src=\"https:\/\/www.lagirelle.ch\/lagir\/wp-content\/uploads\/2024\/05\/Myriam-2.jpg\" alt=\"\" class=\"wp-image-665\" srcset=\"https:\/\/www.lagirelle.ch\/lagir\/wp-content\/uploads\/2024\/05\/Myriam-2.jpg 480w, https:\/\/www.lagirelle.ch\/lagir\/wp-content\/uploads\/2024\/05\/Myriam-2-225x300.jpg 225w\" sizes=\"(max-width: 480px) 100vw, 480px\" \/><\/figure>\n\n\n\n<figure class=\"wp-block-image size-large\"><img decoding=\"async\" loading=\"lazy\" width=\"480\" height=\"640\" data-id=\"666\" src=\"https:\/\/www.lagirelle.ch\/lagir\/wp-content\/uploads\/2024\/05\/Myriam-3-rotated.jpg\" alt=\"\" class=\"wp-image-666\" srcset=\"https:\/\/www.lagirelle.ch\/lagir\/wp-content\/uploads\/2024\/05\/Myriam-3-rotated.jpg 480w, https:\/\/www.lagirelle.ch\/lagir\/wp-content\/uploads\/2024\/05\/Myriam-3-225x300.jpg 225w\" sizes=\"(max-width: 480px) 100vw, 480px\" \/><\/figure>\n\n\n\n<figure class=\"wp-block-image size-large\"><img decoding=\"async\" loading=\"lazy\" width=\"480\" height=\"640\" data-id=\"664\" src=\"https:\/\/www.lagirelle.ch\/lagir\/wp-content\/uploads\/2024\/05\/Myriam-1-rotated.jpg\" alt=\"\" class=\"wp-image-664\" srcset=\"https:\/\/www.lagirelle.ch\/lagir\/wp-content\/uploads\/2024\/05\/Myriam-1-rotated.jpg 480w, https:\/\/www.lagirelle.ch\/lagir\/wp-content\/uploads\/2024\/05\/Myriam-1-225x300.jpg 225w\" sizes=\"(max-width: 480px) 100vw, 480px\" \/><\/figure>\n<\/figure>\n\n\n\n<figure class=\"wp-block-image size-large\"><img decoding=\"async\" loading=\"lazy\" width=\"726\" height=\"1024\" src=\"https:\/\/www.lagirelle.ch\/lagir\/wp-content\/uploads\/2023\/12\/Affiches-Poterie_S-1-726x1024.jpg\" alt=\"\" class=\"wp-image-467\" srcset=\"https:\/\/www.lagirelle.ch\/lagir\/wp-content\/uploads\/2023\/12\/Affiches-Poterie_S-1-726x1024.jpg 726w, https:\/\/www.lagirelle.ch\/lagir\/wp-content\/uploads\/2023\/12\/Affiches-Poterie_S-1-213x300.jpg 213w, https:\/\/www.lagirelle.ch\/lagir\/wp-content\/uploads\/2023\/12\/Affiches-Poterie_S-1-768x1083.jpg 768w, https:\/\/www.lagirelle.ch\/lagir\/wp-content\/uploads\/2023\/12\/Affiches-Poterie_S-1-1089x1536.jpg 1089w, https:\/\/www.lagirelle.ch\/lagir\/wp-content\/uploads\/2023\/12\/Affiches-Poterie_S-1.jpg 1200w\" sizes=\"(max-width: 726px) 100vw, 726px\" \/><\/figure>\n","protected":false},"excerpt":{"rendered":"<p>Exposition &amp; vente de c\u00e9ramiqueDu 19 au 21 avril 2024 Maison de la Douane \u00e0 Perly-Certoux 6 ans apr\u00e8s sa derni\u00e8re exposition, \u00ab401 bols\u00bb pour les 40 ans de l\u2019atelier, la Girelle a eu le plaisir de retourner \u00e0 la Maison de la Douane \u00e0&nbsp;<a class=\"read-more\" href=\"https:\/\/www.lagirelle.ch\/lagir\/exposition-2\/\">&hellip;<\/a><\/p>\n","protected":false},"author":1,"featured_media":0,"parent":0,"menu_order":0,"comment_status":"closed","ping_status":"closed","template":"","meta":{"footnotes":""},"_links":{"self":[{"href":"https:\/\/www.lagirelle.ch\/lagir\/wp-json\/wp\/v2\/pages\/642"}],"collection":[{"href":"https:\/\/www.lagirelle.ch\/lagir\/wp-json\/wp\/v2\/pages"}],"about":[{"href":"https:\/\/www.lagirelle.ch\/lagir\/wp-json\/wp\/v2\/types\/page"}],"author":[{"embeddable":true,"href":"https:\/\/www.lagirelle.ch\/lagir\/wp-json\/wp\/v2\/users\/1"}],"replies":[{"embeddable":true,"href":"https:\/\/www.lagirelle.ch\/lagir\/wp-json\/wp\/v2\/comments?post=642"}],"version-history":[{"count":4,"href":"https:\/\/www.lagirelle.ch\/lagir\/wp-json\/wp\/v2\/pages\/642\/revisions"}],"predecessor-version":[{"id":675,"href":"https:\/\/www.lagirelle.ch\/lagir\/wp-json\/wp\/v2\/pages\/642\/revisions\/675"}],"wp:attachment":[{"href":"https:\/\/www.lagirelle.ch\/lagir\/wp-json\/wp\/v2\/media?parent=642"}],"curies":[{"name":"wp","href":"https:\/\/api.w.org\/{rel}","templated":true}]}}